{"id":4312,"date":"2015-02-19T22:48:00","date_gmt":"2015-02-19T22:48:00","guid":{"rendered":"http:\/\/new.bassband.sk\/?page_id=4312"},"modified":"2025-06-10T13:19:21","modified_gmt":"2025-06-10T13:19:21","slug":"programy","status":"publish","type":"page","link":"https:\/\/bassband.sk\/en\/programy\/","title":{"rendered":"Programy"},"content":{"rendered":"<p><\/p>\n<h2 style=\"text-align: center; font-weight: bold;\">&#8220;Il Tutto Mondo serra&#8221;<\/h2>\n<p style=\"text-align: center;\"><img loading=\"lazy\" decoding=\"async\" class=\" wp-image-4180 aligncenter\" src=\"http:\/\/bassband.sk\/wp-content\/uploads\/2015\/02\/IMG_9378-200x300.jpg\" alt=\"IMG_9378\" width=\"224\" height=\"336\" srcset=\"https:\/\/bassband.sk\/wp-content\/uploads\/2015\/02\/IMG_9378-200x300.jpg 200w, https:\/\/bassband.sk\/wp-content\/uploads\/2015\/02\/IMG_9378.jpg 533w\" sizes=\"auto, (max-width: 224px) 100vw, 224px\" \/><\/p>\n<p style=\"text-align: center;\"><strong>W. A. Mozart<\/strong> &#8211; Divertimento D dur &#8220;arr.&#8221;\u00a0for double bass quartet<br \/>\n<strong>Jozef Lauber<\/strong> &#8211; Suita pre kontrabasov\u00fd kvartet<br \/>\n<strong>J. S. Bach<\/strong> &#8211; Air<br \/>\n<strong>Giovanni Bottesini<\/strong> &#8211; Fantasia &#8221; La Sonnambula&#8221;<br \/>\n<strong>Anonymus<\/strong> &#8211;\u00a0dances<br \/>\n<strong>Stano Pal\u00fach<\/strong> &#8211; &#8220;Basovica&#8221;<br \/>\n<strong>S. Wonder<\/strong> &#8211; Sir Duke<br \/>\n<strong>D. Elfman<\/strong> &#8211; The Simpsons Theme<br \/>\n<strong>J. Strauss<\/strong> &#8211; Tritsch- Tratsch &#8211; Polka<\/p>\n<p style=\"text-align: center;\"><a href=\"https:\/\/www.youtube.com\/watch?v=zZNtKoKA5dA\">BassBand &#8211; W. A. Dvo\u0159\u00e1k &#8211; Divertimento D dur<\/a><\/p>\n<p style=\"text-align: center;\"><a href=\"https:\/\/www.youtube.com\/watch?v=El5UQoLn--s\">BassBand &#8211; J. Lauber &#8211; suita III., IV. \u010das\u0165<\/a><\/p>\n<p style=\"text-align: center;\"><a href=\"https:\/\/www.youtube.com\/watch?v=zQjCnwwyyUM\">BassBand &#8211; tritsch &#8211; tratsch polka<\/a><\/p>\n<hr \/>\n<h2 style=\"text-align: center;\"><strong>&#8220;Ludvik XIV &#8211; King of art &#8220;<\/strong><\/h2>\n<p style=\"text-align: center;\">Kr\u00e1\u013e, ktor\u00fd ovplyvnil umenie a vyzdvihol kr\u00e1su umenia nad slovo. Jeho z\u00e1sluhou sa spev a tanec spojil a dostal priestor v opere.<\/p>\n<p style=\"text-align: center;\">Program je malou uk\u00e1\u017ekou, ako kr\u00e1\u013e &#8211; celebrita prin\u00e1\u0161a noblesu na p\u00f3dium a svojou l\u00e1skou a osobnou charizmou k tancu a spevu d\u00e1va umeniu pe\u010da\u0165 bo\u017eskosti.<\/p>\n<p style=\"text-align: center;\">Najzn\u00e1mej\u0161\u00edmi skladbami z obdobia renesancie a baroka sa V\u00e1m predstav\u00ed <strong>Matej Benda<\/strong>, zn\u00e1my zo s\u00fa\u0165a\u017ee <strong>&#8220;Super Star\u201c<\/strong> za doprovodu \u0161tyroch basov\u00fdch n\u00e1strojov.<\/p>\n<p style=\"text-align: center;\"><strong>Anonymus<\/strong> &#8211; Venezian dances<br \/>\n<strong>C.Caccini<\/strong> &#8211; Ave Maria<br \/>\n<strong>J.S.Bach<\/strong> &#8211; Erbarme dich<br \/>\n&#8211;\u00a0well known arias and cantatas<br \/>\n<strong>G.F.Handel<\/strong> &#8211; Lascia con pianga<br \/>\n<strong>M.A.Charpentier<\/strong> &#8211; March de nation<br \/>\n<strong>J.B.Lully<\/strong> -Te Deum, &#8211; choise<\/p>\n<hr \/>\n<h2 style=\"text-align: center;\"><strong>\u201eMartin Babjak &amp; Bass Band\u201c<\/strong><\/h2>\n<p style=\"text-align: center;\"><img loading=\"lazy\" decoding=\"async\" class=\" wp-image-4668 aligncenter\" src=\"http:\/\/bassband.sk\/wp-content\/uploads\/2016\/04\/BassBand-a-Martin-Babjak-300x200.jpg\" alt=\"BassBand a Martin Babjak\" width=\"318\" height=\"212\" srcset=\"https:\/\/bassband.sk\/wp-content\/uploads\/2016\/04\/BassBand-a-Martin-Babjak-300x200.jpg 300w, https:\/\/bassband.sk\/wp-content\/uploads\/2016\/04\/BassBand-a-Martin-Babjak-scaled-600x400.jpg 600w, https:\/\/bassband.sk\/wp-content\/uploads\/2016\/04\/BassBand-a-Martin-Babjak-768x511.jpg 768w, https:\/\/bassband.sk\/wp-content\/uploads\/2016\/04\/BassBand-a-Martin-Babjak-1024x682.jpg 1024w\" sizes=\"auto, (max-width: 318px) 100vw, 318px\" \/><\/p>\n<p style=\"text-align: center;\">Program V\u00e1m pon\u00faka paletu humoru, z\u00e1bavnej i v\u00e1\u017enej, \u010deskej a slovenskej hudby.<br \/>\nLaure\u00e1t svetovej spev\u00e1ckej s\u00fa\u0165a\u017ee Luciana Pavarottiho <strong>Martin Babjak<\/strong> si \u013eahkos\u0165ou spevu a humorom r\u00fdchlo z\u00edska srdcia publika.<\/p>\n<p style=\"text-align: center;\">V aran\u017em\u00e1noch Bass Bandu predstav\u00edme zn\u00e1me \u00e1rie od skladate\u013eov ako <strong>Dvo\u0159\u00e1k, Smetana, Suk, Verdi, Mascani, Schubert<\/strong>, at\u010f. Spozn\u00e1te aj zn\u00e1me hity a \u0161l\u00e1gre z hudobn\u00fdch \u017e\u00e1nrov jazzu, country a folkl\u00f3ru.<\/p>\n<p style=\"text-align: center;\">Na z\u00e1ver m\u00e1me pre v\u00e1s <strong>prekvapenie<\/strong>, ktor\u00e9 je v\u00fdsadou len tohto programu!<\/p>\n<p style=\"text-align: center;\"><a href=\"https:\/\/www.youtube.com\/watch?v=hg-egMa_Pcg\">BassBand &amp; Martin Babjak \/ M. Sch. Trnavsk\u00fd &#8211; Ot\u010de n\u00e1\u0161<\/a><\/p>\n<p style=\"text-align: center;\"><a href=\"https:\/\/www.youtube.com\/watch?v=iYAMjzpHtqE\">BassBand &amp; Martin Babjak \/ A. Dvo\u0159\u00e1k &#8211; sly\u0161 \u00f3 Bo\u017ee<\/a><\/p>\n<p style=\"text-align: center;\"><a href=\"https:\/\/www.youtube.com\/watch?v=cVnLYEKcbu8\">BassBand &amp; Martin Babjak \/ J. Hermann &#8211; Hello Dolly<\/a><\/p>\n<div class=\"post-video\"><iframe loading=\"lazy\" title=\"Koncert  Bass Band &amp; Martin Babjak Hronsky Benadik  30. november 2016\" width=\"1165\" height=\"655\" src=\"https:\/\/www.youtube.com\/embed\/arMJpYvk6-M?feature=oembed\" frameborder=\"0\" allow=\"accelerometer; autoplay; clipboard-write; encrypted-media; gyroscope; picture-in-picture; web-share\" referrerpolicy=\"strict-origin-when-cross-origin\" allowfullscreen><\/iframe><\/div>\n<hr \/>\n<h2 style=\"text-align: center;\" align=\"center\"><b>\u201eSlovak program\u201c<\/b><\/h2>\n<p style=\"text-align: center;\"><img loading=\"lazy\" decoding=\"async\" class=\" wp-image-2358 aligncenter\" src=\"http:\/\/bassband.sk\/wp-content\/uploads\/2015\/02\/IMG_9518-300x200.jpg\" alt=\"IMG_9518\" width=\"330\" height=\"220\" srcset=\"https:\/\/bassband.sk\/wp-content\/uploads\/2015\/02\/IMG_9518-300x200.jpg 300w, https:\/\/bassband.sk\/wp-content\/uploads\/2015\/02\/IMG_9518-600x400.jpg 600w, https:\/\/bassband.sk\/wp-content\/uploads\/2015\/02\/IMG_9518-1024x683.jpg 1024w, https:\/\/bassband.sk\/wp-content\/uploads\/2015\/02\/IMG_9518.jpg 1200w\" sizes=\"auto, (max-width: 330px) 100vw, 330px\" \/><\/p>\n<p style=\"text-align: center;\">Program pozost\u00e1va z\u00a0klasick\u00fdch kompoz\u00edci\u00ed, vytvoren\u00fdch priamo na objedn\u00e1vku BassBand-u a\u00a0skladieb venovan\u00fdch tomuto s\u00faboru. Predstavia sa v\u00e1m popredn\u00fd <strong>slovensk\u00fd ale i zahrani\u010dn\u00fd skladatelia<\/strong> <strong>klasickej<\/strong> ale i\u00a0<strong>jazzovej<\/strong> a\u00a0<strong>\u013eudovej<\/strong> hudby. Tento program sa nach\u00e1dza na debutovom <strong><a href=\"https:\/\/www.facebook.com\/notes\/bass-band\/cd-bassband-od-je%C5%BEi%C5%A1ka\/561306674022662\">CD BassBand<\/a><\/strong>-u. Krst CD sa konal v r\u00e1mci koncertu BassBand 29. septembra 2015 na medzin\u00e1rodn\u00fdch workshopoch <a href=\"http:\/\/www.slovakdoublebassclub.com\/bass-fest-2015\/\"><strong>BASS FEST+2015 v Banskej Bystrici.\u00a0<\/strong><\/a><\/p>\n<p style=\"text-align: center;\"><img loading=\"lazy\" decoding=\"async\" class=\"alignnone size-medium wp-image-4614\" src=\"http:\/\/bassband.sk\/wp-content\/uploads\/2016\/03\/predna01-300x268.jpg\" alt=\"predna01\" width=\"300\" height=\"268\" srcset=\"https:\/\/bassband.sk\/wp-content\/uploads\/2016\/03\/predna01-300x268.jpg 300w, https:\/\/bassband.sk\/wp-content\/uploads\/2016\/03\/predna01-600x536.jpg 600w, https:\/\/bassband.sk\/wp-content\/uploads\/2016\/03\/predna01-768x686.jpg 768w, https:\/\/bassband.sk\/wp-content\/uploads\/2016\/03\/predna01-1024x914.jpg 1024w\" sizes=\"auto, (max-width: 300px) 100vw, 300px\" \/><\/p>\n<p style=\"text-align: center;\">Program:<\/p>\n<p style=\"text-align: center;\"><b>Stano <\/b><b>Pal\u00fach<\/b>&#8211; Basovica<\/p>\n<p style=\"text-align: center;\"><b>Marcel Comendant<\/b> &#8211; Nu stiu<\/p>\n<p style=\"text-align: center;\"><b>J\u00e1n Borza\u00a0<\/b>&#8211; H\u00e1dka<\/p>\n<p style=\"text-align: center;\"><b>Vincent Ja\u0161\u00a0<\/b>&#8211;\u00a0 M\u00e1lka<\/p>\n<p style=\"text-align: center;\"><b>Herwig Neugabauer<\/b> &#8211; Suzana<\/p>\n<p style=\"text-align: center;\"><strong>Lucia Chu\u0165kov\u00e1<\/strong> &#8211; metal song<\/p>\n<p style=\"text-align: center;\"><b>Mari\u00e1n Lejava \u00a0<\/b>&#8211;<b> <\/b>\u00fatek, fuga<b>\u00a0 \u00a0 \u00a0 \u00a0 \u00a0 \u00a0<\/b><\/p>\n<p style=\"text-align: center;\"><b>J\u00e1n Grener<\/b>&#8211; \u013eudovka<\/p>\n<p style=\"text-align: center;\"><strong>Rafael Catal\u00e1\u00a0<\/strong>&#8211; Rumbass<\/p>\n<p style=\"text-align: center;\"><b>Vladislav Jaro\u0161<\/b>&#8211; V\u00fdber<\/p>\n<p style=\"text-align: center;\"><b>Jozef Kolkovich\u00a0<\/b>-Tich\u00e9 slzy otcov<\/p>\n<p style=\"text-align: center;\"><a href=\"https:\/\/www.youtube.com\/watch?v=CqRIKTjH7V8\">BassBand &#8211; Marcel Comendant &#8211; &#8220;Nu Stiu&#8221;<\/a>\u00a0\/koncert festival &#8220;Hudba Trnave&#8221; 19.9. 2014<\/p>\n<p style=\"text-align: center;\"><a href=\"https:\/\/www.youtube.com\/watch?v=V1bLn1AkySE\">BassBand &#8211; S. Pal\u00fach &#8211; &#8220;Basovica&#8221;<\/a>\u00a0\/koncert Ve\u013ek\u00fd Biel 2014<\/p>\n<p style=\"text-align: center;\"><a href=\"https:\/\/www.youtube.com\/watch?v=5xuXveLzrvE\">BassBand &#8211; J. Kolkovich &#8211; Silent tears of fathers<\/a>\u00a0\/ koncert Senec 2014<\/p>\n<p style=\"text-align: center;\"><a href=\"https:\/\/www.youtube.com\/watch?v=RX4P-6eGTVw\">BassBand &#8211; J. Borza &#8211; &#8220;piata h\u00e1dka&#8221;<\/a><\/p>\n<hr \/>\n<h2 style=\"text-align: center;\" align=\"center\"><b>\u201eBassBand &amp; M\u00e1ria \u010c\u00edrov\u00e1\u201c<\/b><\/h2>\n<p><img loading=\"lazy\" decoding=\"async\" class=\"alignnone wp-image-4525 aligncenter\" src=\"http:\/\/bassband.sk\/wp-content\/uploads\/2015\/05\/IMG_2019-300x200.png\" alt=\"IMG_2019\" width=\"338\" height=\"225\" srcset=\"https:\/\/bassband.sk\/wp-content\/uploads\/2015\/05\/IMG_2019-300x200.png 300w, https:\/\/bassband.sk\/wp-content\/uploads\/2015\/05\/IMG_2019-600x400.png 600w, https:\/\/bassband.sk\/wp-content\/uploads\/2015\/05\/IMG_2019-1024x683.png 1024w, https:\/\/bassband.sk\/wp-content\/uploads\/2015\/05\/IMG_2019.png 1200w\" sizes=\"auto, (max-width: 338px) 100vw, 338px\" \/><\/p>\n<p style=\"text-align: center;\">Popredn\u00e1 slovensk\u00e1 spev\u00e1\u010dka, ktorej hlas pozn\u00e1te zo slovensk\u00fdch r\u00e1di\u00ed a koncertn\u00fdch p\u00f3di\u00ed, vydala dva CD albumy,<strong> B\u00farka<\/strong>(2009) a <strong>Na Dosah <\/strong>(2011). V\u00ed\u0165azka Slovensk\u00e9ho Sl\u00e1vika (s\u00fa\u0165a\u017e Petra Dvorsk\u00e9ho, 1996,1999), v\u0161estrann\u00e1 hudobn\u00ed\u010dka, v\u00fdborn\u00e1 klaviristka (\u0161t\u00fadium klav\u00edra na konzervat\u00f3riu), spev\u00e1\u010dka zo zamatov\u00fdm \u010dist\u00fdm hlasom. Zn\u00e1ma tie\u017e so spolupr\u00e1ce s gospelovou kapelou Trinity Group.<\/p>\n<p style=\"text-align: center;\">Program je <strong>novinkou roku 2015<\/strong>, objavia sa v \u0148om skladby M\u00e1rie \u010c\u00edrovej v arran\u017em\u00e1noch pre kontrabasov\u00e9 kvarteto, klav\u00edr a samozrejme spev.<\/p>\n<div class=\"post-video\"><iframe loading=\"lazy\" title=\"M\u00e1ria \u010c\u00edrov\u00e1 a BassBand - \u013dadov\u00e1 doba\" width=\"1165\" height=\"655\" src=\"https:\/\/www.youtube.com\/embed\/ErytLusqzSg?feature=oembed\" frameborder=\"0\" allow=\"accelerometer; autoplay; clipboard-write; encrypted-media; gyroscope; picture-in-picture; web-share\" referrerpolicy=\"strict-origin-when-cross-origin\" allowfullscreen><\/iframe><\/div>\n<div class=\"post-video\"><iframe loading=\"lazy\" title=\"M\u00e1ria \u010c\u00edrov\u00e1 a BassBand - Be there\" width=\"1165\" height=\"655\" src=\"https:\/\/www.youtube.com\/embed\/ofPVybE9jfA?feature=oembed\" frameborder=\"0\" allow=\"accelerometer; autoplay; clipboard-write; encrypted-media; gyroscope; picture-in-picture; web-share\" referrerpolicy=\"strict-origin-when-cross-origin\" allowfullscreen><\/iframe><\/div>\n<hr \/>\n<h2 align=\"center\">divadeln\u00e9 predstavenie<\/h2>\n<h2 align=\"center\"><b>\u201eDis -moi tes amours\u201c<\/b><\/h2>\n<h2 align=\"center\"><b>Pocta \u017eene!\u00a0<\/b><\/h2>\n<div class=\"post-video\"><iframe loading=\"lazy\" title=\"BassBand Theater &quot;Dis moi tes amour&quot; Pocta mojej zene\" width=\"1165\" height=\"655\" src=\"https:\/\/www.youtube.com\/embed\/F32amZbt4Cs?feature=oembed\" frameborder=\"0\" allow=\"accelerometer; autoplay; clipboard-write; encrypted-media; gyroscope; picture-in-picture; web-share\" referrerpolicy=\"strict-origin-when-cross-origin\" allowfullscreen><\/iframe><\/div>\n<p style=\"text-align: center;\">V hlavnej \u00falohe :<\/p>\n<p style=\"text-align: center;\"><strong>Robert Roth\/ David Hartl, Stephanie Szanto,\u00a0BassBand + Juraj Grigl\u00e1k, \u00a0r\u00e9\u017eia: Marek Moko\u0161 \u00a0<\/strong><\/p>\n<p style=\"text-align: center;\">Projekt divadeln\u00e9ho predstavenia je stv\u00e1rnen\u00edm <strong>melodr\u00e1my<\/strong> vo franc\u00fazskom \u0161t\u00fdle. Herec hr\u00e1 rolu <strong>&#8220;ducha ru\u017ee&#8221;<\/strong><\/p>\n<p style=\"text-align: center;\">&#8230;\u010do je leit-mot\u00edvom cel\u00e9ho predstavenia. Spev\u00e1\u010dka je tou \u017eenou, ktor\u00e1 pre\u017e\u00edva svoj de\u0148\/\u017eivot\/ro\u010dn\u00e9 obdobia svojho \u017eivota. V sprievode kontrabasov\u00e9ho kvarteta a n\u00e1strojov ako basov\u00e1 gitara, husle, viola, gitara, harmonika ich kombin\u00e1ci\u00ed znej\u00fa skladby od <strong>R. Wagnera, H. Berlioza, K. Weill, E. Satie, alebo G. Massenet<\/strong>. O skvel\u00e9 aran\u017em\u00e1ny t\u00fdchto skladieb sa postaral <strong>Pavol Bodn\u00e1r, <\/strong>jazzov\u00fd klavirista a aran\u017e\u00e9r a skladate\u013e.<\/p>\n<p style=\"text-align: center;\"><strong>Hudobn\u00e9 kompoz\u00edcie:<\/strong><\/p>\n<p style=\"text-align: center;\">Tango Habanera<\/p>\n<p style=\"text-align: center;\">La Captive \u2013 jar \u2013 svitanie<\/p>\n<p style=\"text-align: center;\">Villanelle \u2013 jar<\/p>\n<p style=\"text-align: center;\">Je te veux \u2013 leto<\/p>\n<p style=\"text-align: center;\">L\u00b4attente &#8211; leto \u2013 obed<\/p>\n<p style=\"text-align: center;\">Phidyl\u00e9 \u2013 leto<\/p>\n<p style=\"text-align: center;\">Je ne \u0165 aime pas \u2013 jese\u0148 \u2013 podve\u010der<\/p>\n<p style=\"text-align: center;\">Va. Laisse couler mes larmes \u2013 jese\u0148<\/p>\n<p style=\"text-align: center;\">Absance- zima \u2013 ve\u010der<\/p>\n<p style=\"text-align: center;\"><a href=\"http:\/\/bassband.sk\/blog\/event\/bassband-stephanie-szanto-dis-moi-teus-pocta-zene-musica-perennis-iuventutis-2015\/\">premi\u00e1ra predstavenia Ve\u013ek\u00fd Biel 8.11.2015 MPI 2015<\/a><\/p>\n<p>&nbsp;<\/p>\n<p><!--themify_builder_static--><!--\/themify_builder_static--><\/p>","protected":false},"excerpt":{"rendered":"<p>&#8220;Il Tutto Mondo serra&#8221; W. A. Mozart &#8211; Divertimento D dur &#8220;arr.&#8221;\u00a0for double bass quartet Jozef Lauber &#8211; Suita pre kontrabasov\u00fd kvartet J. S. Bach &#8211; Air Giovanni Bottesini &#8211; Fantasia &#8221; La Sonnambula&#8221; Anonymus &#8211;\u00a0dances Stano Pal\u00fach &#8211; &#8220;Basovica&#8221; S. Wonder &#8211; Sir Duke D. Elfman &#8211; The Simpsons Theme J. Strauss &#8211; Tritsch- [&hellip;]<\/p>\n","protected":false},"author":2,"featured_media":0,"parent":0,"menu_order":0,"comment_status":"closed","ping_status":"closed","template":"","meta":{"footnotes":""},"class_list":["post-4312","page","type-page","status-publish","hentry","has-post-title","has-post-date","has-post-category","has-post-tag","has-post-comment","has-post-author",""],"builder_content":"","_links":{"self":[{"href":"https:\/\/bassband.sk\/en\/wp-json\/wp\/v2\/pages\/4312","targetHints":{"allow":["GET"]}}],"collection":[{"href":"https:\/\/bassband.sk\/en\/wp-json\/wp\/v2\/pages"}],"about":[{"href":"https:\/\/bassband.sk\/en\/wp-json\/wp\/v2\/types\/page"}],"author":[{"embeddable":true,"href":"https:\/\/bassband.sk\/en\/wp-json\/wp\/v2\/users\/2"}],"replies":[{"embeddable":true,"href":"https:\/\/bassband.sk\/en\/wp-json\/wp\/v2\/comments?post=4312"}],"version-history":[{"count":19,"href":"https:\/\/bassband.sk\/en\/wp-json\/wp\/v2\/pages\/4312\/revisions"}],"predecessor-version":[{"id":4958,"href":"https:\/\/bassband.sk\/en\/wp-json\/wp\/v2\/pages\/4312\/revisions\/4958"}],"wp:attachment":[{"href":"https:\/\/bassband.sk\/en\/wp-json\/wp\/v2\/media?parent=4312"}],"curies":[{"name":"wp","href":"https:\/\/api.w.org\/{rel}","templated":true}]}}